{"id":75,"date":"2023-05-12T08:53:55","date_gmt":"2023-05-12T11:53:55","guid":{"rendered":"https:\/\/apecbrasilia.com.br\/?page_id=75"},"modified":"2023-06-20T21:59:35","modified_gmt":"2023-06-21T00:59:35","slug":"valores","status":"publish","type":"page","link":"https:\/\/apecbrasilia.com.br\/index.php\/valores\/","title":{"rendered":"Valores"},"content":{"rendered":"\n<h3 class=\"wp-block-heading\"><strong>VIS\u00c3O<\/strong><\/h3>\n\n\n\n<p><br>A Vis\u00e3o da APEC \u00e9 evangelizar crian\u00e7as, discipul\u00e1-las e integr\u00e1-las numa igreja reconhecidamente evang\u00e9lica.<\/p>\n\n\n\n<h3 class=\"wp-block-heading\"><br><strong>MISS\u00c3O<\/strong><\/h3>\n\n\n\n<p><br>A APEC existe para cooperar com as igrejas na evangeliza\u00e7\u00e3o e discipulado das crian\u00e7as atrav\u00e9s de:<br>1 \u2013 Realiza\u00e7\u00e3o dos mais variados minist\u00e9rios com as crian\u00e7as;<br>2 \u2013 Treinamento e capacita\u00e7\u00e3o de professores e obreiros;<br>3 \u2013 Produ\u00e7\u00e3o e distribui\u00e7\u00e3o de material did\u00e1tico e de apoio. PRINC\u00cdPIOS E VALORES<br>A APEC n\u00e3o abre m\u00e3o destes princ\u00edpios e valores.<\/p>\n\n\n\n<ol class=\"wp-block-list\">\n<li>Convic\u00e7\u00e3o da necessidade de salva\u00e7\u00e3o das crian\u00e7as: \u201cAssim, pois, n\u00e3o \u00e9 da vontade de vosso Pai celeste que pere\u00e7a um s\u00f3 destes pequeninos\u201d (Mateus 18:14);<\/li>\n\n\n\n<li>Empenho na evangeliza\u00e7\u00e3o das crian\u00e7as;<\/li>\n\n\n\n<li>Postura interdenominacional;<\/li>\n\n\n\n<li>Sustento pela f\u00e9;<\/li>\n\n\n\n<li>Declara\u00e7\u00e3o de f\u00e9.<\/li>\n<\/ol>\n\n\n\n<h3 class=\"wp-block-heading\">DIRETORES DA APEC BRAS\u00cdLIA<\/h3>\n\n\n\n<p>A Mission\u00e1ria Viviane Lopes Ferreira de Alencar \u00e9 formada pela Alian\u00e7a Pr\u00f3-Evangeliza\u00e7\u00e3o das Crian\u00e7as, tamb\u00e9m possui gradua\u00e7\u00e3o em Pedagogia e p\u00f3s-gradua\u00e7\u00e3o em Psicopedagogia, pela Universidade Cat\u00f3lica de Bras\u00edlia.<br>Envolvida com APEC Bras\u00edlia a partir de 1987, mas desde 1989 se dedica como obreira de tempo integral no Distrito Federal. Casada com o Pr. Edson Alencar, envolvido com a miss\u00e3o desde 1994, vem atuando na administra\u00e7\u00e3o e na promo\u00e7\u00e3o do trabalho junto \u00e0s igrejas. Em 1999 assumiram a Dire\u00e7\u00e3o da APEC Bras\u00edlia e, desde ent\u00e3o, o trabalho tem se realizado com o casal e amigos volunt\u00e1rios. A Mission\u00e1ria Viviane coordena cursos, ministra aulas, palestras para lideran\u00e7as, organiza confer\u00eancias mission\u00e1rias para crian\u00e7as, treina volunt\u00e1rios e atua em escolas, igrejas, creches, orfanatos e comunidades ind\u00edgenas. O Pastor Edson Alencar desde 1994, vem atuando na administra\u00e7\u00e3o e na promo\u00e7\u00e3o do trabalho junto \u00e0s igrejas. Atua na divulga\u00e7\u00e3o, na promo\u00e7\u00e3o da APEC junto \u00e0s igrejas e na organiza\u00e7\u00e3o de eventos.<\/p>\n\n\n\n<p>Edson e Viviane s\u00e3o pais de Thalita, Kalebe e Fhilipe.<\/p>\n","protected":false},"excerpt":{"rendered":"<p>VIS\u00c3O A Vis\u00e3o da APEC \u00e9 evangelizar crian\u00e7as, discipul\u00e1-las e integr\u00e1-las numa igreja reconhecidamente evang\u00e9lica. MISS\u00c3O A APEC existe para cooperar com as igrejas na evangeliza\u00e7\u00e3o e discipulado das crian\u00e7as atrav\u00e9s de:1 \u2013 Realiza\u00e7\u00e3o dos mais variados minist\u00e9rios com as crian\u00e7as;2 \u2013 Treinamento e capacita\u00e7\u00e3o de professores e obreiros;3 \u2013 Produ\u00e7\u00e3o e distribui\u00e7\u00e3o de material [&hellip;]<\/p>\n","protected":false},"author":1,"featured_media":0,"parent":0,"menu_order":0,"comment_status":"closed","ping_status":"closed","template":"","meta":{"footnotes":""},"class_list":["post-75","page","type-page","status-publish","hentry"],"aioseo_notices":[],"_links":{"self":[{"href":"https:\/\/apecbrasilia.com.br\/index.php\/wp-json\/wp\/v2\/pages\/75","targetHints":{"allow":["GET"]}}],"collection":[{"href":"https:\/\/apecbrasilia.com.br\/index.php\/wp-json\/wp\/v2\/pages"}],"about":[{"href":"https:\/\/apecbrasilia.com.br\/index.php\/wp-json\/wp\/v2\/types\/page"}],"author":[{"embeddable":true,"href":"https:\/\/apecbrasilia.com.br\/index.php\/wp-json\/wp\/v2\/users\/1"}],"replies":[{"embeddable":true,"href":"https:\/\/apecbrasilia.com.br\/index.php\/wp-json\/wp\/v2\/comments?post=75"}],"version-history":[{"count":8,"href":"https:\/\/apecbrasilia.com.br\/index.php\/wp-json\/wp\/v2\/pages\/75\/revisions"}],"predecessor-version":[{"id":694,"href":"https:\/\/apecbrasilia.com.br\/index.php\/wp-json\/wp\/v2\/pages\/75\/revisions\/694"}],"wp:attachment":[{"href":"https:\/\/apecbrasilia.com.br\/index.php\/wp-json\/wp\/v2\/media?parent=75"}],"curies":[{"name":"wp","href":"https:\/\/api.w.org\/{rel}","templated":true}]}}