{"id":112,"date":"2023-05-12T12:08:36","date_gmt":"2023-05-12T15:08:36","guid":{"rendered":"https:\/\/apecbrasilia.com.br\/?page_id=112"},"modified":"2023-06-12T13:05:40","modified_gmt":"2023-06-12T16:05:40","slug":"cursos-especiais","status":"publish","type":"page","link":"https:\/\/apecbrasilia.com.br\/index.php\/cursos-especiais\/","title":{"rendered":"Cursos Especiais"},"content":{"rendered":"\n<h3 class=\"wp-block-heading\"><strong>CURSOS ESPECIAIS<\/strong><br><\/h3>\n\n\n\n<figure class=\"wp-block-image size-full\"><img decoding=\"async\" src=\"http:\/\/apecbrasilia.com.br\/wp-content\/uploads\/2023\/06\/Divisor-4.jpg\" alt=\"\" class=\"wp-image-457\"\/><\/figure>\n\n\n\n<p>Escolas b\u00edblicas de f\u00e9rias<br>Escolas b\u00edblicas dominicais<br>Super 5<br><\/p>\n\n\n\n<figure class=\"wp-block-image size-full\"><img decoding=\"async\" src=\"http:\/\/apecbrasilia.com.br\/wp-content\/uploads\/2023\/06\/Divisor-5.jpg\" alt=\"\" class=\"wp-image-459\"\/><\/figure>\n\n\n\n<p><strong>CURSO REALIZADO NA SEDE DA APEC<\/strong><\/p>\n\n\n\n<p><\/p>\n\n\n\n<p><\/p>\n\n\n\n<p><strong>OBJETIVO<br><\/strong><\/p>\n\n\n\n<p>Estes Cursos s\u00e3o realizados em ocasi\u00f5es especiais por ocasi\u00e3o das f\u00e9rias escolares da Rede P\u00fablica Privada do Distrito Federal, por isso \u00e9 importante que as igrejas interessadas agendem com anteced\u00eancia para que o trabalho flua com liberdade e criatividade e possamos capacitar melhor os professores e evangelistas.<\/p>\n\n\n\n<figure class=\"wp-block-image size-full\"><img decoding=\"async\" src=\"http:\/\/apecbrasilia.com.br\/wp-content\/uploads\/2023\/06\/Divisor-5.jpg\" alt=\"\" class=\"wp-image-459\"\/><\/figure>\n\n\n\n<p><strong>INFORMA\u00c7\u00d5ES GERAIS<\/strong><\/p>\n\n\n\n<p>Dura\u00e7\u00e3o do Curso:<\/p>\n\n\n\n<p>\u2013 Janeiro, Fevereiro e Julho<\/p>\n\n\n\n<p>(F\u00e9rias Escolares)<\/p>\n\n\n\n<p>Dias de aulas:<\/p>\n\n\n\n<p>\u2013 Todos os dias das f\u00e9rias conforme agenda e hor\u00e1rios<\/p>\n\n\n\n<figure class=\"wp-block-image size-full\"><img decoding=\"async\" src=\"http:\/\/apecbrasilia.com.br\/wp-content\/uploads\/2023\/06\/Divisor-5.jpg\" alt=\"\" class=\"wp-image-459\"\/><\/figure>\n\n\n\n<p>RESERVE SUA VAGA<\/p>\n\n\n\n<p>Mais informa\u00e7\u00f5es (61) 3226-5485<\/p>\n\n\n\n<div class=\"wp-block-buttons is-layout-flex wp-block-buttons-is-layout-flex\">\n<div class=\"wp-block-button\"><a class=\"wp-block-button__link wp-element-button\" href=\"https:\/\/forms.gle\/5AaceEtYqcf9G1p4A\" target=\"_blank\" rel=\"noreferrer noopener\">Reservar Vaga<\/a><\/div>\n<\/div>\n","protected":false},"excerpt":{"rendered":"<p>CURSOS ESPECIAIS Escolas b\u00edblicas de f\u00e9riasEscolas b\u00edblicas dominicaisSuper 5 CURSO REALIZADO NA SEDE DA APEC OBJETIVO Estes Cursos s\u00e3o realizados em ocasi\u00f5es especiais por ocasi\u00e3o das f\u00e9rias escolares da Rede P\u00fablica Privada do Distrito Federal, por isso \u00e9 importante que as igrejas interessadas agendem com anteced\u00eancia para que o trabalho flua com liberdade e criatividade [&hellip;]<\/p>\n","protected":false},"author":1,"featured_media":0,"parent":0,"menu_order":0,"comment_status":"closed","ping_status":"closed","template":"","meta":{"footnotes":""},"class_list":["post-112","page","type-page","status-publish","hentry"],"aioseo_notices":[],"_links":{"self":[{"href":"https:\/\/apecbrasilia.com.br\/index.php\/wp-json\/wp\/v2\/pages\/112","targetHints":{"allow":["GET"]}}],"collection":[{"href":"https:\/\/apecbrasilia.com.br\/index.php\/wp-json\/wp\/v2\/pages"}],"about":[{"href":"https:\/\/apecbrasilia.com.br\/index.php\/wp-json\/wp\/v2\/types\/page"}],"author":[{"embeddable":true,"href":"https:\/\/apecbrasilia.com.br\/index.php\/wp-json\/wp\/v2\/users\/1"}],"replies":[{"embeddable":true,"href":"https:\/\/apecbrasilia.com.br\/index.php\/wp-json\/wp\/v2\/comments?post=112"}],"version-history":[{"count":8,"href":"https:\/\/apecbrasilia.com.br\/index.php\/wp-json\/wp\/v2\/pages\/112\/revisions"}],"predecessor-version":[{"id":613,"href":"https:\/\/apecbrasilia.com.br\/index.php\/wp-json\/wp\/v2\/pages\/112\/revisions\/613"}],"wp:attachment":[{"href":"https:\/\/apecbrasilia.com.br\/index.php\/wp-json\/wp\/v2\/media?parent=112"}],"curies":[{"name":"wp","href":"https:\/\/api.w.org\/{rel}","templated":true}]}}