{"id":108,"date":"2023-05-12T12:06:30","date_gmt":"2023-05-12T15:06:30","guid":{"rendered":"https:\/\/apecbrasilia.com.br\/?page_id=108"},"modified":"2025-12-18T13:04:10","modified_gmt":"2025-12-18T16:04:10","slug":"cpmc","status":"publish","type":"page","link":"https:\/\/apecbrasilia.com.br\/index.php\/cpmc\/","title":{"rendered":"CPMC"},"content":{"rendered":"\n<h1 class=\"wp-block-heading\">Matr\u00edculas abertas para 2026<\/h1>\n\n\n\n<h3 class=\"wp-block-heading\"><strong>CAPACITA\u00c7\u00c3O DE PROFESSORES PARA <\/strong><\/h3>\n\n\n\n<h3 class=\"wp-block-heading\"><strong>O MINIST\u00c9RIO COM CRIAN\u00c7AS<\/strong><\/h3>\n\n\n\n<figure class=\"wp-block-image size-full is-resized\"><img loading=\"lazy\" decoding=\"async\" width=\"100\" height=\"30\" src=\"http:\/\/apecbrasilia.com.br\/wp-content\/uploads\/2025\/01\/Divisor-23.jpg\" alt=\"\" class=\"wp-image-1699\" style=\"aspect-ratio:1;width:27px;height:auto\"\/><\/figure>\n\n\n\n<p>Um Curso que capacita para um minist\u00e9rio frut\u00edfero alcan\u00e7ando a nova gera\u00e7\u00e3o dentro e fora da igreja local.<\/p>\n\n\n\n<p>Prepare-se melhor na APEC para alcan\u00e7ar as crian\u00e7as para Cristo! O C.P.M.C.<br>Treina para um minist\u00e9rio frut\u00edfero alcan\u00e7ando a nova gera\u00e7\u00e3o dentro e fora da igreja local.<br>Ensina metodologias para a evangeliza\u00e7\u00e3o das crian\u00e7as.<br>Oferece recursos para ajudar as crian\u00e7as j\u00e1 salvas a crescerem no conhecimento da Palavra de Deus.<br>Capacita para a organiza\u00e7\u00e3o e dire\u00e7\u00e3o de um minist\u00e9rio frut\u00edfero entre as crian\u00e7as.<br>Fortalece espiritualmente a vida do professor para um desempenho excelente com as crian\u00e7as.<\/p>\n\n\n\n<figure class=\"wp-block-image size-full\"><img loading=\"lazy\" decoding=\"async\" width=\"1280\" height=\"1280\" src=\"https:\/\/apecbrasilia.com.br\/wp-content\/uploads\/2025\/12\/photo_2025-12-18_13-00-08-2.jpg\" alt=\"\" class=\"wp-image-2203\" srcset=\"https:\/\/apecbrasilia.com.br\/wp-content\/uploads\/2025\/12\/photo_2025-12-18_13-00-08-2.jpg 1280w, https:\/\/apecbrasilia.com.br\/wp-content\/uploads\/2025\/12\/photo_2025-12-18_13-00-08-2-300x300.jpg 300w, https:\/\/apecbrasilia.com.br\/wp-content\/uploads\/2025\/12\/photo_2025-12-18_13-00-08-2-1024x1024.jpg 1024w, https:\/\/apecbrasilia.com.br\/wp-content\/uploads\/2025\/12\/photo_2025-12-18_13-00-08-2-150x150.jpg 150w, https:\/\/apecbrasilia.com.br\/wp-content\/uploads\/2025\/12\/photo_2025-12-18_13-00-08-2-768x768.jpg 768w\" sizes=\"auto, (max-width: 1280px) 100vw, 1280px\" \/><\/figure>\n\n\n\n<p><strong>O QUE FAZ:<\/strong><br>\u2022 Ensina metodologias para a evangeliza\u00e7\u00e3o das crian\u00e7as.<br>\u2022 Oferece recursos para ajudar as crian\u00e7as j\u00e1 salvas a crescerem no conhecimento da Palavra de Deus.<br>\u2022 Capacita para a organiza\u00e7\u00e3o e dire\u00e7\u00e3o de um minist\u00e9rio frut\u00edfero entre as crian\u00e7as.<\/p>\n\n\n\n<p><strong>DURA\u00c7\u00c3O DO CURSO:<\/strong><\/p>\n\n\n\n<p>Mar\u00e7o \u00e0 Novembro. Uma vez por semana . Em alguns campos da APEC esse curso \u00e9 ministrado num semestre, com aulas duas vezes por semana.<\/p>\n\n\n\n<p><strong>EXIG\u00caNCIAS PARA RECEBER O DIPLOMA:<\/strong><\/p>\n\n\n\n<ul class=\"wp-block-list\">\n<li>Evangelizar no m\u00ednimo 5 (cinco) crian\u00e7as.<\/li>\n\n\n\n<li>Realizar um Clube de Cinco Dias nas f\u00e9rias de julho.<\/li>\n\n\n\n<li>Realizar um Clube de Boas Novas com, no m\u00ednimo, 4 (quatro) aulas com 1 hora de dura\u00e7\u00e3o.<\/li>\n\n\n\n<li>Realizar um Encontro de Crian\u00e7as no m\u00eas de outubro.<\/li>\n\n\n\n<li>Entregar relat\u00f3rio das Atividades realizadas com crian\u00e7as durante o per\u00edodo do Curso.<\/li>\n\n\n\n<li>Assiduidade: O aluno s\u00f3 poder\u00e1 ter 20% de faltas no total, ou seja, poder\u00e1 faltar 6 aulas somente. O aluno que tiver mais faltas n\u00e3o justificadas e n\u00e3o apresentar o relat\u00f3rio das atividades na data indicada, n\u00e3o receber\u00e1 o diploma.<\/li>\n<\/ul>\n\n\n\n<p><strong>DURA\u00c7\u00c3O DO CURSO:<\/strong><strong><br><\/strong>Uma vez por semana, durante o ano letivo<br>(mar\u00e7o\/junho e agosto\/novembro)<\/p>\n\n\n\n<p><\/p>\n\n\n\n<p><strong>INFORMA\u00c7\u00d5ES GERAIS<\/strong><\/p>\n\n\n\n<p>MATR\u00cdCULAS:<br>S\u00e3o feitas no site e a document\u00e3o exigida ser\u00e1 apresentada no primeiro dia de aula:<\/p>\n\n\n\n<ul class=\"wp-block-list\">\n<li>Carta de recomenda\u00e7\u00e3o da igreja;<\/li>\n\n\n\n<li>comprovar a de conclus\u00e3o do ensino fundamental;<\/li>\n\n\n\n<li>2 fotos 3\u00d74;<\/li>\n\n\n\n<li>escrever o seu testemunho de convers\u00e3o;<\/li>\n\n\n\n<li>assinar a declara\u00e7\u00e3o de f\u00e9 da APEC.<br>Dura\u00e7\u00e3o do curso:<br>\u2013 mar\u00e7o a novembro;<br>Dias de aulas<br>\u2013 Todas as Quartas-Feiras<br>Hor\u00e1rio:<br>\u2013 14h \u00e0s 16h30 ou 19h \u00e0s 21h30<br>In\u00edcio das aulas:<br>\u2013 11 de mar\u00e7o de 2025;<br>Investimento:<br>\u2013 Matr\u00edcula (R$ 100,00)<br>\u2013 Mensalidade (R$ 100,00)<\/li>\n<\/ul>\n\n\n\n<p>Mais informa\u00e7\u00f5es (61) 32265485;<br>WhatsApp (61)9.8117-1219<\/p>\n\n\n\n<div class=\"wp-block-buttons is-layout-flex wp-block-buttons-is-layout-flex\">\n<div class=\"wp-block-button\"><a class=\"wp-block-button__link wp-element-button\" href=\"https:\/\/forms.gle\/r62AWWz1gMRB1BqM6\" target=\"_blank\" rel=\"noreferrer noopener\">Inscri\u00e7\u00e3o CPMC<\/a><\/div>\n<\/div>\n","protected":false},"excerpt":{"rendered":"<p>Matr\u00edculas abertas para 2026 CAPACITA\u00c7\u00c3O DE PROFESSORES PARA O MINIST\u00c9RIO COM CRIAN\u00c7AS Um Curso que capacita para um minist\u00e9rio frut\u00edfero alcan\u00e7ando a nova gera\u00e7\u00e3o dentro e fora da igreja local. Prepare-se melhor na APEC para alcan\u00e7ar as crian\u00e7as para Cristo! O C.P.M.C.Treina para um minist\u00e9rio frut\u00edfero alcan\u00e7ando a nova gera\u00e7\u00e3o dentro e fora da igreja [&hellip;]<\/p>\n","protected":false},"author":1,"featured_media":0,"parent":0,"menu_order":0,"comment_status":"closed","ping_status":"closed","template":"","meta":{"footnotes":""},"class_list":["post-108","page","type-page","status-publish","hentry"],"aioseo_notices":[],"_links":{"self":[{"href":"https:\/\/apecbrasilia.com.br\/index.php\/wp-json\/wp\/v2\/pages\/108","targetHints":{"allow":["GET"]}}],"collection":[{"href":"https:\/\/apecbrasilia.com.br\/index.php\/wp-json\/wp\/v2\/pages"}],"about":[{"href":"https:\/\/apecbrasilia.com.br\/index.php\/wp-json\/wp\/v2\/types\/page"}],"author":[{"embeddable":true,"href":"https:\/\/apecbrasilia.com.br\/index.php\/wp-json\/wp\/v2\/users\/1"}],"replies":[{"embeddable":true,"href":"https:\/\/apecbrasilia.com.br\/index.php\/wp-json\/wp\/v2\/comments?post=108"}],"version-history":[{"count":18,"href":"https:\/\/apecbrasilia.com.br\/index.php\/wp-json\/wp\/v2\/pages\/108\/revisions"}],"predecessor-version":[{"id":2204,"href":"https:\/\/apecbrasilia.com.br\/index.php\/wp-json\/wp\/v2\/pages\/108\/revisions\/2204"}],"wp:attachment":[{"href":"https:\/\/apecbrasilia.com.br\/index.php\/wp-json\/wp\/v2\/media?parent=108"}],"curies":[{"name":"wp","href":"https:\/\/api.w.org\/{rel}","templated":true}]}}